{"id":63442,"date":"2026-04-12T10:36:52","date_gmt":"2026-04-12T08:36:52","guid":{"rendered":"https:\/\/dev6.erresse-shop.it\/shop\/non%20class\u00e9\/villeroy-boch-afina-set-de-6-assiettes-a-dessert-22-cm\/"},"modified":"2025-09-14T05:19:59","modified_gmt":"2025-09-14T03:19:59","slug":"villeroy-boch-afina-set-de-6-assiettes-a-dessert-22-cm","status":"publish","type":"product","link":"https:\/\/dev6.erresse-shop.it\/fr\/shop\/table-fr-2\/plats\/villeroy-boch-afina-set-de-6-assiettes-a-dessert-22-cm\/","title":{"rendered":"VILLEROY &#038; BOCH Afina Set de 6 assiettes \u00e0 dessert 22 cm"},"content":{"rendered":"<p>Assiette \u00e0 d\u00e9jeuner pour des moments de luxe le matin<\/p>\n<p>Dans un monde caract\u00e9ris\u00e9 par la recherche d\u2019unicit\u00e9 et en m\u00eame temps d\u2019espaces de bien-\u00eatre, nous pr\u00e9sentons la collection de vaisselle Afina, inspir\u00e9e par la tendance de style de vie du go\u00fbt raffin\u00e9. La collection se caract\u00e9rise par un concept de design unique, combinant des formes minimalistes et des d\u00e9tails d\u00e9licats et sophistiqu\u00e9s.<\/p>\n<p>Les formes \u00e9pur\u00e9es sont habilement combin\u00e9es \u00e0 de fins d\u00e9tails, ce qui donne une forme de coupe moderne avec un bord sur\u00e9lev\u00e9. Inspir\u00e9e par les rayons concentriques du soleil, cette vaisselle pr\u00e9sente un relief annulaire fascinant, cr\u00e9ant une exp\u00e9rience tactile exquise. L\u2019aspect flottant distinctif est soulign\u00e9 par une base soigneusement dissimul\u00e9e. Commencez votre journ\u00e9e avec nos assiettes \u00e0 d\u00e9jeuner exquises, qui non seulement apportent une touche de luxe \u00e0 votre routine matinale, mais s\u00e9duisent \u00e9galement par leur design de haute qualit\u00e9 et leur fabrication de premier ordre. Avec Afina, d\u00e9couvrez la perfection du raffinement minimaliste et faites briller vos cuisines et salles \u00e0 manger d\u2019un \u00e9clat impressionnant.<\/p>\n<p>Mat\u00e9riau : porcelaine<br \/>\nDiam\u00e8tre: 220 mm<br \/>\nPasse au lave-vaisselle : oui<br \/>\nConvient au micro-ondes : oui<\/p>\n","protected":false},"excerpt":{"rendered":"<p>Assiette \u00e0 d\u00e9jeuner pour des moments de luxe le matin Dans un monde caract\u00e9ris\u00e9 par la recherche d\u2019unicit\u00e9 et en m\u00eame temps d\u2019espaces de bien-\u00eatre, nous pr\u00e9sentons la collection de vaisselle Afina, inspir\u00e9e par la tendance de style de vie du go\u00fbt raffin\u00e9. La collection se caract\u00e9rise par un concept de design unique, combinant des [&hellip;]<\/p>\n","protected":false},"featured_media":6366869,"template":"","meta":{"_acf_changed":false},"product_cat":[12014,11995,11671],"product_tag":[],"class_list":{"0":"post-63442","1":"product","2":"type-product","3":"status-publish","4":"has-post-thumbnail","6":"product_cat-plats","7":"product_cat-table-fr-2","8":"product_cat-tavola","10":"first","11":"instock","12":"sale","13":"taxable","14":"shipping-taxable","15":"purchasable","16":"product-type-simple","swatches":"rey-swatches","show_selected":"","stretch_labels":"rey-swatches--stretch-labels"},"acf":[],"yoast_head":"<!-- This site is optimized with the Yoast SEO plugin v25.4 - https:\/\/yoast.com\/wordpress\/plugins\/seo\/ -->\n<title>VILLEROY &#038; BOCH Afina Set de 6 assiettes \u00e0 dessert 22 cm - dev6 Erresse<\/title>\n<meta name=\"description\" content=\"Assiette \u00e0 d\u00e9jeuner pour des moments de luxe le matin Dans un monde caract\u00e9ris\u00e9 par la recherche d\u2019unicit\u00e9 et en m\u00eame temps d\u2019espaces de bien-\u00eatre, nous\" \/>\n<meta name=\"robots\" content=\"noindex, follow, max-snippet:-1, max-image-preview:large, max-video-preview:-1\" \/>\n<meta property=\"og:locale\" content=\"fr_FR\" \/>\n<meta property=\"og:type\" content=\"article\" \/>\n<meta property=\"og:title\" content=\"VILLEROY &#038; BOCH Afina Set de 6 assiettes \u00e0 dessert 22 cm - dev6 Erresse\" \/>\n<meta property=\"og:description\" content=\"Assiette \u00e0 d\u00e9jeuner pour des moments de luxe le matin Dans un monde caract\u00e9ris\u00e9 par la recherche d\u2019unicit\u00e9 et en m\u00eame temps d\u2019espaces de bien-\u00eatre, nous\" \/>\n<meta property=\"og:url\" content=\"https:\/\/dev6.erresse-shop.it\/fr\/shop\/table-fr-2\/plats\/villeroy-boch-afina-set-de-6-assiettes-a-dessert-22-cm\/\" \/>\n<meta property=\"og:site_name\" content=\"dev6 Erresse\" \/>\n<meta property=\"og:image\" content=\"https:\/\/interpim.erresse-shop.it\/Import\/Prodotti\/villeroy-boch-afina-set-6-piatti-dessert-22-cm-1.jpg\" \/><meta property=\"og:image\" content=\"https:\/\/interpim.erresse-shop.it\/Import\/Prodotti\/villeroy-boch-afina-set-6-piatti-dessert-22-cm-1.jpg\" \/>\n\t<meta property=\"og:image:width\" content=\"1024\" \/>\n\t<meta property=\"og:image:height\" content=\"1024\" \/>\n\t<meta property=\"og:image:type\" content=\"image\/jpeg\" \/>\n<meta name=\"twitter:card\" content=\"summary_large_image\" \/>\n<meta name=\"twitter:image\" content=\"https:\/\/interpim.erresse-shop.it\/Import\/Prodotti\/villeroy-boch-afina-set-6-piatti-dessert-22-cm-1.jpg\" \/>\n<script type=\"application\/ld+json\" class=\"yoast-schema-graph\">{\"@context\":\"https:\/\/schema.org\",\"@graph\":[{\"@type\":\"WebPage\",\"@id\":\"https:\/\/dev6.erresse-shop.it\/fr\/shop\/table-fr-2\/plats\/villeroy-boch-afina-set-de-6-assiettes-a-dessert-22-cm\/\",\"url\":\"https:\/\/dev6.erresse-shop.it\/fr\/shop\/table-fr-2\/plats\/villeroy-boch-afina-set-de-6-assiettes-a-dessert-22-cm\/\",\"name\":\"VILLEROY &#038; BOCH Afina Set de 6 assiettes \u00e0 dessert 22 cm - dev6 Erresse\",\"isPartOf\":{\"@id\":\"https:\/\/dev6.erresse-shop.it\/#website\"},\"primaryImageOfPage\":{\"@id\":\"https:\/\/dev6.erresse-shop.it\/fr\/shop\/table-fr-2\/plats\/villeroy-boch-afina-set-de-6-assiettes-a-dessert-22-cm\/#primaryimage\"},\"image\":{\"@id\":\"https:\/\/dev6.erresse-shop.it\/fr\/shop\/table-fr-2\/plats\/villeroy-boch-afina-set-de-6-assiettes-a-dessert-22-cm\/#primaryimage\"},\"thumbnailUrl\":\"https:\/\/i2.wp.com\/interpim.erresse-shop.it\/Import\/Prodotti\/villeroy-boch-afina-set-6-piatti-dessert-22-cm-1.jpg?ssl=1\",\"datePublished\":\"2026-04-12T08:36:52+00:00\",\"description\":\"Assiette \u00e0 d\u00e9jeuner pour des moments de luxe le matin Dans un monde caract\u00e9ris\u00e9 par la recherche d\u2019unicit\u00e9 et en m\u00eame temps d\u2019espaces de bien-\u00eatre, nous\",\"breadcrumb\":{\"@id\":\"https:\/\/dev6.erresse-shop.it\/fr\/shop\/table-fr-2\/plats\/villeroy-boch-afina-set-de-6-assiettes-a-dessert-22-cm\/#breadcrumb\"},\"inLanguage\":\"fr-FR\",\"potentialAction\":[{\"@type\":\"ReadAction\",\"target\":[\"https:\/\/dev6.erresse-shop.it\/fr\/shop\/table-fr-2\/plats\/villeroy-boch-afina-set-de-6-assiettes-a-dessert-22-cm\/\"]}]},{\"@type\":\"ImageObject\",\"inLanguage\":\"fr-FR\",\"@id\":\"https:\/\/dev6.erresse-shop.it\/fr\/shop\/table-fr-2\/plats\/villeroy-boch-afina-set-de-6-assiettes-a-dessert-22-cm\/#primaryimage\",\"url\":\"https:\/\/i2.wp.com\/interpim.erresse-shop.it\/Import\/Prodotti\/villeroy-boch-afina-set-6-piatti-dessert-22-cm-1.jpg?ssl=1\",\"contentUrl\":\"https:\/\/i2.wp.com\/interpim.erresse-shop.it\/Import\/Prodotti\/villeroy-boch-afina-set-6-piatti-dessert-22-cm-1.jpg?ssl=1\"},{\"@type\":\"BreadcrumbList\",\"@id\":\"https:\/\/dev6.erresse-shop.it\/fr\/shop\/table-fr-2\/plats\/villeroy-boch-afina-set-de-6-assiettes-a-dessert-22-cm\/#breadcrumb\",\"itemListElement\":[{\"@type\":\"ListItem\",\"position\":1,\"name\":\"Home\",\"item\":\"https:\/\/dev6.erresse-shop.it\/\"},{\"@type\":\"ListItem\",\"position\":2,\"name\":\"Boutique\",\"item\":\"https:\/\/dev6.erresse-shop.it\/shop\/\"},{\"@type\":\"ListItem\",\"position\":3,\"name\":\"VILLEROY &#038; BOCH Afina Set de 6 assiettes \u00e0 dessert 22 cm\"}]},{\"@type\":\"WebSite\",\"@id\":\"https:\/\/dev6.erresse-shop.it\/#website\",\"url\":\"https:\/\/dev6.erresse-shop.it\/\",\"name\":\"Erresse Shop\",\"description\":\"\",\"publisher\":{\"@id\":\"https:\/\/dev6.erresse-shop.it\/#organization\"},\"potentialAction\":[{\"@type\":\"SearchAction\",\"target\":{\"@type\":\"EntryPoint\",\"urlTemplate\":\"https:\/\/dev6.erresse-shop.it\/?s={search_term_string}\"},\"query-input\":{\"@type\":\"PropertyValueSpecification\",\"valueRequired\":true,\"valueName\":\"search_term_string\"}}],\"inLanguage\":\"fr-FR\"},{\"@type\":\"Organization\",\"@id\":\"https:\/\/dev6.erresse-shop.it\/#organization\",\"name\":\"Erresse Shop\",\"url\":\"https:\/\/dev6.erresse-shop.it\/\",\"logo\":{\"@type\":\"ImageObject\",\"inLanguage\":\"fr-FR\",\"@id\":\"https:\/\/dev6.erresse-shop.it\/#\/schema\/logo\/image\/\",\"url\":\"https:\/\/dev6.erresse-shop.it\/wp-content\/uploads\/2025\/01\/LOGO-ERRESSE-CLASSICO.svg\",\"contentUrl\":\"https:\/\/dev6.erresse-shop.it\/wp-content\/uploads\/2025\/01\/LOGO-ERRESSE-CLASSICO.svg\",\"caption\":\"Erresse Shop\"},\"image\":{\"@id\":\"https:\/\/dev6.erresse-shop.it\/#\/schema\/logo\/image\/\"}}]}<\/script>\n<!-- \/ Yoast SEO plugin. -->","yoast_head_json":{"title":"VILLEROY &#038; BOCH Afina Set de 6 assiettes \u00e0 dessert 22 cm - dev6 Erresse","description":"Assiette \u00e0 d\u00e9jeuner pour des moments de luxe le matin Dans un monde caract\u00e9ris\u00e9 par la recherche d\u2019unicit\u00e9 et en m\u00eame temps d\u2019espaces de bien-\u00eatre, nous","robots":{"index":"noindex","follow":"follow","max-snippet":"max-snippet:-1","max-image-preview":"max-image-preview:large","max-video-preview":"max-video-preview:-1"},"og_locale":"fr_FR","og_type":"article","og_title":"VILLEROY &#038; BOCH Afina Set de 6 assiettes \u00e0 dessert 22 cm - dev6 Erresse","og_description":"Assiette \u00e0 d\u00e9jeuner pour des moments de luxe le matin Dans un monde caract\u00e9ris\u00e9 par la recherche d\u2019unicit\u00e9 et en m\u00eame temps d\u2019espaces de bien-\u00eatre, nous","og_url":"https:\/\/dev6.erresse-shop.it\/fr\/shop\/table-fr-2\/plats\/villeroy-boch-afina-set-de-6-assiettes-a-dessert-22-cm\/","og_site_name":"dev6 Erresse","og_image":[{"url":"https:\/\/interpim.erresse-shop.it\/Import\/Prodotti\/villeroy-boch-afina-set-6-piatti-dessert-22-cm-1.jpg","type":"","width":"","height":""},{"url":"https:\/\/interpim.erresse-shop.it\/Import\/Prodotti\/villeroy-boch-afina-set-6-piatti-dessert-22-cm-1.jpg","width":1024,"height":1024,"type":"image\/jpeg"}],"twitter_card":"summary_large_image","twitter_image":"https:\/\/interpim.erresse-shop.it\/Import\/Prodotti\/villeroy-boch-afina-set-6-piatti-dessert-22-cm-1.jpg","schema":{"@context":"https:\/\/schema.org","@graph":[{"@type":"WebPage","@id":"https:\/\/dev6.erresse-shop.it\/fr\/shop\/table-fr-2\/plats\/villeroy-boch-afina-set-de-6-assiettes-a-dessert-22-cm\/","url":"https:\/\/dev6.erresse-shop.it\/fr\/shop\/table-fr-2\/plats\/villeroy-boch-afina-set-de-6-assiettes-a-dessert-22-cm\/","name":"VILLEROY &#038; BOCH Afina Set de 6 assiettes \u00e0 dessert 22 cm - dev6 Erresse","isPartOf":{"@id":"https:\/\/dev6.erresse-shop.it\/#website"},"primaryImageOfPage":{"@id":"https:\/\/dev6.erresse-shop.it\/fr\/shop\/table-fr-2\/plats\/villeroy-boch-afina-set-de-6-assiettes-a-dessert-22-cm\/#primaryimage"},"image":{"@id":"https:\/\/dev6.erresse-shop.it\/fr\/shop\/table-fr-2\/plats\/villeroy-boch-afina-set-de-6-assiettes-a-dessert-22-cm\/#primaryimage"},"thumbnailUrl":"https:\/\/i2.wp.com\/interpim.erresse-shop.it\/Import\/Prodotti\/villeroy-boch-afina-set-6-piatti-dessert-22-cm-1.jpg?ssl=1","datePublished":"2026-04-12T08:36:52+00:00","description":"Assiette \u00e0 d\u00e9jeuner pour des moments de luxe le matin Dans un monde caract\u00e9ris\u00e9 par la recherche d\u2019unicit\u00e9 et en m\u00eame temps d\u2019espaces de bien-\u00eatre, nous","breadcrumb":{"@id":"https:\/\/dev6.erresse-shop.it\/fr\/shop\/table-fr-2\/plats\/villeroy-boch-afina-set-de-6-assiettes-a-dessert-22-cm\/#breadcrumb"},"inLanguage":"fr-FR","potentialAction":[{"@type":"ReadAction","target":["https:\/\/dev6.erresse-shop.it\/fr\/shop\/table-fr-2\/plats\/villeroy-boch-afina-set-de-6-assiettes-a-dessert-22-cm\/"]}]},{"@type":"ImageObject","inLanguage":"fr-FR","@id":"https:\/\/dev6.erresse-shop.it\/fr\/shop\/table-fr-2\/plats\/villeroy-boch-afina-set-de-6-assiettes-a-dessert-22-cm\/#primaryimage","url":"https:\/\/i2.wp.com\/interpim.erresse-shop.it\/Import\/Prodotti\/villeroy-boch-afina-set-6-piatti-dessert-22-cm-1.jpg?ssl=1","contentUrl":"https:\/\/i2.wp.com\/interpim.erresse-shop.it\/Import\/Prodotti\/villeroy-boch-afina-set-6-piatti-dessert-22-cm-1.jpg?ssl=1"},{"@type":"BreadcrumbList","@id":"https:\/\/dev6.erresse-shop.it\/fr\/shop\/table-fr-2\/plats\/villeroy-boch-afina-set-de-6-assiettes-a-dessert-22-cm\/#breadcrumb","itemListElement":[{"@type":"ListItem","position":1,"name":"Home","item":"https:\/\/dev6.erresse-shop.it\/"},{"@type":"ListItem","position":2,"name":"Boutique","item":"https:\/\/dev6.erresse-shop.it\/shop\/"},{"@type":"ListItem","position":3,"name":"VILLEROY &#038; BOCH Afina Set de 6 assiettes \u00e0 dessert 22 cm"}]},{"@type":"WebSite","@id":"https:\/\/dev6.erresse-shop.it\/#website","url":"https:\/\/dev6.erresse-shop.it\/","name":"Erresse Shop","description":"","publisher":{"@id":"https:\/\/dev6.erresse-shop.it\/#organization"},"potentialAction":[{"@type":"SearchAction","target":{"@type":"EntryPoint","urlTemplate":"https:\/\/dev6.erresse-shop.it\/?s={search_term_string}"},"query-input":{"@type":"PropertyValueSpecification","valueRequired":true,"valueName":"search_term_string"}}],"inLanguage":"fr-FR"},{"@type":"Organization","@id":"https:\/\/dev6.erresse-shop.it\/#organization","name":"Erresse Shop","url":"https:\/\/dev6.erresse-shop.it\/","logo":{"@type":"ImageObject","inLanguage":"fr-FR","@id":"https:\/\/dev6.erresse-shop.it\/#\/schema\/logo\/image\/","url":"https:\/\/dev6.erresse-shop.it\/wp-content\/uploads\/2025\/01\/LOGO-ERRESSE-CLASSICO.svg","contentUrl":"https:\/\/dev6.erresse-shop.it\/wp-content\/uploads\/2025\/01\/LOGO-ERRESSE-CLASSICO.svg","caption":"Erresse Shop"},"image":{"@id":"https:\/\/dev6.erresse-shop.it\/#\/schema\/logo\/image\/"}}]}},"df_price":109,"df_sale_price":109,"df_regular_price":137.4,"df_image_link":"https:\/\/i2.wp.com\/interpim.erresse-shop.it\/Import\/Prodotti\/villeroy-boch-afina-set-6-piatti-dessert-22-cm-1.jpg?resize=300,300&ssl=1","fifu_image_url":"https:\/\/interpim.erresse-shop.it\/Import\/Prodotti\/villeroy-boch-afina-set-6-piatti-dessert-22-cm-1.jpg","_links":{"self":[{"href":"https:\/\/dev6.erresse-shop.it\/fr\/wp-json\/wp\/v2\/product\/63442","targetHints":{"allow":["GET"]}}],"collection":[{"href":"https:\/\/dev6.erresse-shop.it\/fr\/wp-json\/wp\/v2\/product"}],"about":[{"href":"https:\/\/dev6.erresse-shop.it\/fr\/wp-json\/wp\/v2\/types\/product"}],"wp:featuredmedia":[{"embeddable":true,"href":"https:\/\/dev6.erresse-shop.it\/fr\/wp-json\/wp\/v2\/media\/6366869"}],"wp:attachment":[{"href":"https:\/\/dev6.erresse-shop.it\/fr\/wp-json\/wp\/v2\/media?parent=63442"}],"wp:term":[{"taxonomy":"product_cat","embeddable":true,"href":"https:\/\/dev6.erresse-shop.it\/fr\/wp-json\/wp\/v2\/product_cat?post=63442"},{"taxonomy":"product_tag","embeddable":true,"href":"https:\/\/dev6.erresse-shop.it\/fr\/wp-json\/wp\/v2\/product_tag?post=63442"}],"curies":[{"name":"wp","href":"https:\/\/api.w.org\/{rel}","templated":true}]}}