{"id":63152,"date":"2026-04-12T10:26:11","date_gmt":"2026-04-12T08:26:11","guid":{"rendered":"https:\/\/dev6.erresse-shop.it\/shop\/non%20class\u00e9\/versace-home-le-jardin-de-versace-plaque-plate-27-cm\/"},"modified":"2025-07-04T17:34:44","modified_gmt":"2025-07-04T15:34:44","slug":"versace-home-le-jardin-de-versace-plaque-plate-27-cm","status":"publish","type":"product","link":"https:\/\/dev6.erresse-shop.it\/fr\/shop\/table-fr-2\/plats\/versace-home-le-jardin-de-versace-plaque-plate-27-cm\/","title":{"rendered":"VERSACE HOME Le Jardin De Versace Plaque plate 27 cm"},"content":{"rendered":"<p>All\u00e9gorie joyeuse d\u2019une symphonie estivale, l\u2019atelier milanais Versace a cr\u00e9\u00e9 un jardin enchanteur compos\u00e9 de d\u00e9licates couleurs pastel et d\u2019une multitude de fleurs, de baies, d\u2019insectes et d\u2019ornements<\/p>\n<p>Pour ce type de d\u00e9coration, les couleurs sont fondues dans le verre \u00e0 plus de 1000\u00b0C. Ainsi, le verre se ramollit et le d\u00e9cor s\u2019y impr\u00e8gne, de sorte que la couleur et la luminosit\u00e9 sont extr\u00eamement r\u00e9sistantes aux rayures et \u00e0 l\u2019abrasion.<\/p>\n<p>Collection: Ikarus<\/p>\n<p>D\u00e9coration: Le jardin de Versace.<\/p>\n<p>Mod\u00e8le: Le Jardin De Versace<\/p>\n<p>Couleur: Multicolore<\/p>\n<p>Mati\u00e8re: Porcelaine<\/p>\n<p>Autre: Peut \u00eatre lav\u00e9 au lave-vaisselle<\/p>\n<p>POUR DES RAISONS DE S\u00c9CURIT\u00c9, \u00c9TANT DONN\u00c9 QU\u2019IL S\u2019AGIT D\u2019UN PRODUIT DE LUXE, LE D\u00c9LAI DE LIVRAISON PEUT PRENDRE DEUX JOURS SUPPL\u00c9MENTAIRES.<\/p>\n","protected":false},"excerpt":{"rendered":"<p>All\u00e9gorie joyeuse d\u2019une symphonie estivale, l\u2019atelier milanais Versace a cr\u00e9\u00e9 un jardin enchanteur compos\u00e9 de d\u00e9licates couleurs pastel et d\u2019une multitude de fleurs, de baies, d\u2019insectes et d\u2019ornements Pour ce type de d\u00e9coration, les couleurs sont fondues dans le verre \u00e0 plus de 1000\u00b0C. Ainsi, le verre se ramollit et le d\u00e9cor s\u2019y impr\u00e8gne, de [&hellip;]<\/p>\n","protected":false},"featured_media":6366121,"template":"","meta":{"_acf_changed":false},"product_cat":[11990,12021,11697,12014,11995],"product_tag":[],"class_list":{"0":"post-63152","1":"product","2":"type-product","3":"status-publish","4":"has-post-thumbnail","6":"product_cat-ameublement-maison","7":"product_cat-objets-de-decoration","8":"product_cat-oggettistica","9":"product_cat-plats","10":"product_cat-table-fr-2","12":"first","13":"instock","14":"taxable","15":"shipping-taxable","16":"purchasable","17":"product-type-simple","swatches":"rey-swatches","show_selected":"","stretch_labels":"rey-swatches--stretch-labels"},"acf":[],"yoast_head":"<!-- This site is optimized with the Yoast SEO plugin v25.4 - https:\/\/yoast.com\/wordpress\/plugins\/seo\/ -->\n<title>VERSACE HOME Le Jardin De Versace Plaque plate 27 cm - dev6 Erresse<\/title>\n<meta name=\"description\" content=\"All\u00e9gorie joyeuse d\u2019une symphonie estivale, l\u2019atelier milanais Versace a cr\u00e9\u00e9 un jardin enchanteur compos\u00e9 de d\u00e9licates couleurs pastel et d\u2019une multitude\" \/>\n<meta name=\"robots\" content=\"noindex, follow, max-snippet:-1, max-image-preview:large, max-video-preview:-1\" \/>\n<meta property=\"og:locale\" content=\"fr_FR\" \/>\n<meta property=\"og:type\" content=\"article\" \/>\n<meta property=\"og:title\" content=\"VERSACE HOME Le Jardin De Versace Plaque plate 27 cm - dev6 Erresse\" \/>\n<meta property=\"og:description\" content=\"All\u00e9gorie joyeuse d\u2019une symphonie estivale, l\u2019atelier milanais Versace a cr\u00e9\u00e9 un jardin enchanteur compos\u00e9 de d\u00e9licates couleurs pastel et d\u2019une multitude\" \/>\n<meta property=\"og:url\" content=\"https:\/\/dev6.erresse-shop.it\/fr\/shop\/table-fr-2\/plats\/versace-home-le-jardin-de-versace-plaque-plate-27-cm\/\" \/>\n<meta property=\"og:site_name\" content=\"dev6 Erresse\" \/>\n<meta property=\"og:image\" content=\"https:\/\/interpim.erresse-shop.it\/img-catalogo\/versace\/versace-home-segnaposto-giardino.jpg\" \/><meta property=\"og:image\" content=\"https:\/\/interpim.erresse-shop.it\/img-catalogo\/versace\/versace-home-segnaposto-giardino.jpg\" \/>\n\t<meta property=\"og:image:width\" content=\"1024\" \/>\n\t<meta property=\"og:image:height\" content=\"1024\" \/>\n\t<meta property=\"og:image:type\" content=\"image\/jpeg\" \/>\n<meta name=\"twitter:card\" content=\"summary_large_image\" \/>\n<meta name=\"twitter:image\" content=\"https:\/\/interpim.erresse-shop.it\/img-catalogo\/versace\/versace-home-segnaposto-giardino.jpg\" \/>\n<script type=\"application\/ld+json\" class=\"yoast-schema-graph\">{\"@context\":\"https:\/\/schema.org\",\"@graph\":[{\"@type\":\"WebPage\",\"@id\":\"https:\/\/dev6.erresse-shop.it\/fr\/shop\/table-fr-2\/plats\/versace-home-le-jardin-de-versace-plaque-plate-27-cm\/\",\"url\":\"https:\/\/dev6.erresse-shop.it\/fr\/shop\/table-fr-2\/plats\/versace-home-le-jardin-de-versace-plaque-plate-27-cm\/\",\"name\":\"VERSACE HOME Le Jardin De Versace Plaque plate 27 cm - dev6 Erresse\",\"isPartOf\":{\"@id\":\"https:\/\/dev6.erresse-shop.it\/#website\"},\"primaryImageOfPage\":{\"@id\":\"https:\/\/dev6.erresse-shop.it\/fr\/shop\/table-fr-2\/plats\/versace-home-le-jardin-de-versace-plaque-plate-27-cm\/#primaryimage\"},\"image\":{\"@id\":\"https:\/\/dev6.erresse-shop.it\/fr\/shop\/table-fr-2\/plats\/versace-home-le-jardin-de-versace-plaque-plate-27-cm\/#primaryimage\"},\"thumbnailUrl\":\"https:\/\/i1.wp.com\/interpim.erresse-shop.it\/img-catalogo\/versace\/versace-home-segnaposto-giardino.jpg?ssl=1\",\"datePublished\":\"2026-04-12T08:26:11+00:00\",\"description\":\"All\u00e9gorie joyeuse d\u2019une symphonie estivale, l\u2019atelier milanais Versace a cr\u00e9\u00e9 un jardin enchanteur compos\u00e9 de d\u00e9licates couleurs pastel et d\u2019une multitude\",\"breadcrumb\":{\"@id\":\"https:\/\/dev6.erresse-shop.it\/fr\/shop\/table-fr-2\/plats\/versace-home-le-jardin-de-versace-plaque-plate-27-cm\/#breadcrumb\"},\"inLanguage\":\"fr-FR\",\"potentialAction\":[{\"@type\":\"ReadAction\",\"target\":[\"https:\/\/dev6.erresse-shop.it\/fr\/shop\/table-fr-2\/plats\/versace-home-le-jardin-de-versace-plaque-plate-27-cm\/\"]}]},{\"@type\":\"ImageObject\",\"inLanguage\":\"fr-FR\",\"@id\":\"https:\/\/dev6.erresse-shop.it\/fr\/shop\/table-fr-2\/plats\/versace-home-le-jardin-de-versace-plaque-plate-27-cm\/#primaryimage\",\"url\":\"https:\/\/i1.wp.com\/interpim.erresse-shop.it\/img-catalogo\/versace\/versace-home-segnaposto-giardino.jpg?ssl=1\",\"contentUrl\":\"https:\/\/i1.wp.com\/interpim.erresse-shop.it\/img-catalogo\/versace\/versace-home-segnaposto-giardino.jpg?ssl=1\"},{\"@type\":\"BreadcrumbList\",\"@id\":\"https:\/\/dev6.erresse-shop.it\/fr\/shop\/table-fr-2\/plats\/versace-home-le-jardin-de-versace-plaque-plate-27-cm\/#breadcrumb\",\"itemListElement\":[{\"@type\":\"ListItem\",\"position\":1,\"name\":\"Home\",\"item\":\"https:\/\/dev6.erresse-shop.it\/\"},{\"@type\":\"ListItem\",\"position\":2,\"name\":\"Boutique\",\"item\":\"https:\/\/dev6.erresse-shop.it\/shop\/\"},{\"@type\":\"ListItem\",\"position\":3,\"name\":\"VERSACE HOME Le Jardin De Versace Plaque plate 27 cm\"}]},{\"@type\":\"WebSite\",\"@id\":\"https:\/\/dev6.erresse-shop.it\/#website\",\"url\":\"https:\/\/dev6.erresse-shop.it\/\",\"name\":\"Erresse Shop\",\"description\":\"\",\"publisher\":{\"@id\":\"https:\/\/dev6.erresse-shop.it\/#organization\"},\"potentialAction\":[{\"@type\":\"SearchAction\",\"target\":{\"@type\":\"EntryPoint\",\"urlTemplate\":\"https:\/\/dev6.erresse-shop.it\/?s={search_term_string}\"},\"query-input\":{\"@type\":\"PropertyValueSpecification\",\"valueRequired\":true,\"valueName\":\"search_term_string\"}}],\"inLanguage\":\"fr-FR\"},{\"@type\":\"Organization\",\"@id\":\"https:\/\/dev6.erresse-shop.it\/#organization\",\"name\":\"Erresse Shop\",\"url\":\"https:\/\/dev6.erresse-shop.it\/\",\"logo\":{\"@type\":\"ImageObject\",\"inLanguage\":\"fr-FR\",\"@id\":\"https:\/\/dev6.erresse-shop.it\/#\/schema\/logo\/image\/\",\"url\":\"https:\/\/dev6.erresse-shop.it\/wp-content\/uploads\/2025\/01\/LOGO-ERRESSE-CLASSICO.svg\",\"contentUrl\":\"https:\/\/dev6.erresse-shop.it\/wp-content\/uploads\/2025\/01\/LOGO-ERRESSE-CLASSICO.svg\",\"caption\":\"Erresse Shop\"},\"image\":{\"@id\":\"https:\/\/dev6.erresse-shop.it\/#\/schema\/logo\/image\/\"}}]}<\/script>\n<!-- \/ Yoast SEO plugin. -->","yoast_head_json":{"title":"VERSACE HOME Le Jardin De Versace Plaque plate 27 cm - dev6 Erresse","description":"All\u00e9gorie joyeuse d\u2019une symphonie estivale, l\u2019atelier milanais Versace a cr\u00e9\u00e9 un jardin enchanteur compos\u00e9 de d\u00e9licates couleurs pastel et d\u2019une multitude","robots":{"index":"noindex","follow":"follow","max-snippet":"max-snippet:-1","max-image-preview":"max-image-preview:large","max-video-preview":"max-video-preview:-1"},"og_locale":"fr_FR","og_type":"article","og_title":"VERSACE HOME Le Jardin De Versace Plaque plate 27 cm - dev6 Erresse","og_description":"All\u00e9gorie joyeuse d\u2019une symphonie estivale, l\u2019atelier milanais Versace a cr\u00e9\u00e9 un jardin enchanteur compos\u00e9 de d\u00e9licates couleurs pastel et d\u2019une multitude","og_url":"https:\/\/dev6.erresse-shop.it\/fr\/shop\/table-fr-2\/plats\/versace-home-le-jardin-de-versace-plaque-plate-27-cm\/","og_site_name":"dev6 Erresse","og_image":[{"url":"https:\/\/interpim.erresse-shop.it\/img-catalogo\/versace\/versace-home-segnaposto-giardino.jpg","type":"","width":"","height":""},{"url":"https:\/\/interpim.erresse-shop.it\/img-catalogo\/versace\/versace-home-segnaposto-giardino.jpg","width":1024,"height":1024,"type":"image\/jpeg"}],"twitter_card":"summary_large_image","twitter_image":"https:\/\/interpim.erresse-shop.it\/img-catalogo\/versace\/versace-home-segnaposto-giardino.jpg","schema":{"@context":"https:\/\/schema.org","@graph":[{"@type":"WebPage","@id":"https:\/\/dev6.erresse-shop.it\/fr\/shop\/table-fr-2\/plats\/versace-home-le-jardin-de-versace-plaque-plate-27-cm\/","url":"https:\/\/dev6.erresse-shop.it\/fr\/shop\/table-fr-2\/plats\/versace-home-le-jardin-de-versace-plaque-plate-27-cm\/","name":"VERSACE HOME Le Jardin De Versace Plaque plate 27 cm - dev6 Erresse","isPartOf":{"@id":"https:\/\/dev6.erresse-shop.it\/#website"},"primaryImageOfPage":{"@id":"https:\/\/dev6.erresse-shop.it\/fr\/shop\/table-fr-2\/plats\/versace-home-le-jardin-de-versace-plaque-plate-27-cm\/#primaryimage"},"image":{"@id":"https:\/\/dev6.erresse-shop.it\/fr\/shop\/table-fr-2\/plats\/versace-home-le-jardin-de-versace-plaque-plate-27-cm\/#primaryimage"},"thumbnailUrl":"https:\/\/i1.wp.com\/interpim.erresse-shop.it\/img-catalogo\/versace\/versace-home-segnaposto-giardino.jpg?ssl=1","datePublished":"2026-04-12T08:26:11+00:00","description":"All\u00e9gorie joyeuse d\u2019une symphonie estivale, l\u2019atelier milanais Versace a cr\u00e9\u00e9 un jardin enchanteur compos\u00e9 de d\u00e9licates couleurs pastel et d\u2019une multitude","breadcrumb":{"@id":"https:\/\/dev6.erresse-shop.it\/fr\/shop\/table-fr-2\/plats\/versace-home-le-jardin-de-versace-plaque-plate-27-cm\/#breadcrumb"},"inLanguage":"fr-FR","potentialAction":[{"@type":"ReadAction","target":["https:\/\/dev6.erresse-shop.it\/fr\/shop\/table-fr-2\/plats\/versace-home-le-jardin-de-versace-plaque-plate-27-cm\/"]}]},{"@type":"ImageObject","inLanguage":"fr-FR","@id":"https:\/\/dev6.erresse-shop.it\/fr\/shop\/table-fr-2\/plats\/versace-home-le-jardin-de-versace-plaque-plate-27-cm\/#primaryimage","url":"https:\/\/i1.wp.com\/interpim.erresse-shop.it\/img-catalogo\/versace\/versace-home-segnaposto-giardino.jpg?ssl=1","contentUrl":"https:\/\/i1.wp.com\/interpim.erresse-shop.it\/img-catalogo\/versace\/versace-home-segnaposto-giardino.jpg?ssl=1"},{"@type":"BreadcrumbList","@id":"https:\/\/dev6.erresse-shop.it\/fr\/shop\/table-fr-2\/plats\/versace-home-le-jardin-de-versace-plaque-plate-27-cm\/#breadcrumb","itemListElement":[{"@type":"ListItem","position":1,"name":"Home","item":"https:\/\/dev6.erresse-shop.it\/"},{"@type":"ListItem","position":2,"name":"Boutique","item":"https:\/\/dev6.erresse-shop.it\/shop\/"},{"@type":"ListItem","position":3,"name":"VERSACE HOME Le Jardin De Versace Plaque plate 27 cm"}]},{"@type":"WebSite","@id":"https:\/\/dev6.erresse-shop.it\/#website","url":"https:\/\/dev6.erresse-shop.it\/","name":"Erresse Shop","description":"","publisher":{"@id":"https:\/\/dev6.erresse-shop.it\/#organization"},"potentialAction":[{"@type":"SearchAction","target":{"@type":"EntryPoint","urlTemplate":"https:\/\/dev6.erresse-shop.it\/?s={search_term_string}"},"query-input":{"@type":"PropertyValueSpecification","valueRequired":true,"valueName":"search_term_string"}}],"inLanguage":"fr-FR"},{"@type":"Organization","@id":"https:\/\/dev6.erresse-shop.it\/#organization","name":"Erresse Shop","url":"https:\/\/dev6.erresse-shop.it\/","logo":{"@type":"ImageObject","inLanguage":"fr-FR","@id":"https:\/\/dev6.erresse-shop.it\/#\/schema\/logo\/image\/","url":"https:\/\/dev6.erresse-shop.it\/wp-content\/uploads\/2025\/01\/LOGO-ERRESSE-CLASSICO.svg","contentUrl":"https:\/\/dev6.erresse-shop.it\/wp-content\/uploads\/2025\/01\/LOGO-ERRESSE-CLASSICO.svg","caption":"Erresse Shop"},"image":{"@id":"https:\/\/dev6.erresse-shop.it\/#\/schema\/logo\/image\/"}}]}},"df_price":125,"df_sale_price":"","df_regular_price":125,"df_image_link":"https:\/\/i1.wp.com\/interpim.erresse-shop.it\/img-catalogo\/versace\/versace-home-segnaposto-giardino.jpg?resize=300,300&ssl=1","fifu_image_url":"https:\/\/interpim.erresse-shop.it\/img-catalogo\/versace\/versace-home-segnaposto-giardino.jpg","_links":{"self":[{"href":"https:\/\/dev6.erresse-shop.it\/fr\/wp-json\/wp\/v2\/product\/63152","targetHints":{"allow":["GET"]}}],"collection":[{"href":"https:\/\/dev6.erresse-shop.it\/fr\/wp-json\/wp\/v2\/product"}],"about":[{"href":"https:\/\/dev6.erresse-shop.it\/fr\/wp-json\/wp\/v2\/types\/product"}],"wp:featuredmedia":[{"embeddable":true,"href":"https:\/\/dev6.erresse-shop.it\/fr\/wp-json\/wp\/v2\/media\/6366121"}],"wp:attachment":[{"href":"https:\/\/dev6.erresse-shop.it\/fr\/wp-json\/wp\/v2\/media?parent=63152"}],"wp:term":[{"taxonomy":"product_cat","embeddable":true,"href":"https:\/\/dev6.erresse-shop.it\/fr\/wp-json\/wp\/v2\/product_cat?post=63152"},{"taxonomy":"product_tag","embeddable":true,"href":"https:\/\/dev6.erresse-shop.it\/fr\/wp-json\/wp\/v2\/product_tag?post=63152"}],"curies":[{"name":"wp","href":"https:\/\/api.w.org\/{rel}","templated":true}]}}