{"id":54245,"date":"2026-04-12T10:27:54","date_gmt":"2026-04-12T08:27:54","guid":{"rendered":"https:\/\/dev6.erresse-shop.it\/shop\/unkategorisiert\/versace-home-le-jardin-de-versace-marcapaginas-33-cm\/"},"modified":"2025-09-14T01:39:01","modified_gmt":"2025-09-13T23:39:01","slug":"versace-home-le-jardin-de-versace-marcapaginas-33-cm","status":"publish","type":"product","link":"https:\/\/dev6.erresse-shop.it\/de\/shop\/tisch\/teller-geschirr\/versace-home-le-jardin-de-versace-marcapaginas-33-cm\/","title":{"rendered":"VERSACE HOME Le Jardin De Versace Marcap\u00e1ginas 33 cm"},"content":{"rendered":"<p>Geschirrsp\u00fclmaschinenfestes Porzellan. Bei dieser Art der Dekoration werden die Farben bei \u00fcber 1000\u00b0C in das Glas eingeschmolzen. Dadurch wird das Glas erweicht und das Dekor absorbiert, so dass sowohl die Farbe als auch der Glanz \u00e4u\u00dferst kratz- und abriebfest sind. Golddekorationen sind jedoch aufgrund der nat\u00fcrlichen Eigenschaften dieses Materials nicht v\u00f6llig abriebfest.<\/p>\n<p>Abmessungen: 33 cm<\/p>\n<p>Material: Porzellan<\/p>\n<p>Verzierung: Le jardin de Versace.<\/p>\n<p>Modell: Le Jardin De Versace<\/p>\n<p>Farbe: Multicolour<\/p>\n<p>Material: Porzellan<\/p>\n<p>Sonstiges: Geschirrsp\u00fcler<\/p>\n<p>AUS SICHERHEITSGR\u00dcNDEN, DA ES SICH UM EIN LUXUSPRODUKT HANDELT, KANN DER VERSAND ZWEI TAGE L\u00c4NGER DAUERN.<\/p>\n","protected":false},"excerpt":{"rendered":"<p>Geschirrsp\u00fclmaschinenfestes Porzellan. Bei dieser Art der Dekoration werden die Farben bei \u00fcber 1000\u00b0C in das Glas eingeschmolzen. Dadurch wird das Glas erweicht und das Dekor absorbiert, so dass sowohl die Farbe als auch der Glanz \u00e4u\u00dferst kratz- und abriebfest sind. Golddekorationen sind jedoch aufgrund der nat\u00fcrlichen Eigenschaften dieses Materials nicht v\u00f6llig abriebfest. Abmessungen: 33 cm [&hellip;]<\/p>\n","protected":false},"featured_media":6366227,"template":"","meta":{"_acf_changed":false},"product_cat":[12129,12098,11697,12122,12103],"product_tag":[],"class_list":{"0":"post-54245","1":"product","2":"type-product","3":"status-publish","4":"has-post-thumbnail","6":"product_cat-dekoartikel","7":"product_cat-einrichtung-haus","8":"product_cat-oggettistica","9":"product_cat-teller-geschirr","10":"product_cat-tisch","12":"first","13":"instock","14":"taxable","15":"shipping-taxable","16":"purchasable","17":"product-type-simple","swatches":"rey-swatches","show_selected":"","stretch_labels":"rey-swatches--stretch-labels"},"acf":[],"yoast_head":"<!-- This site is optimized with the Yoast SEO plugin v25.4 - https:\/\/yoast.com\/wordpress\/plugins\/seo\/ -->\n<title>VERSACE HOME Le Jardin De Versace Marcap\u00e1ginas 33 cm - dev6 Erresse<\/title>\n<meta name=\"description\" content=\"Geschirrsp\u00fclmaschinenfestes Porzellan. Bei dieser Art der Dekoration werden die Farben bei \u00fcber 1000\u00b0C in das Glas eingeschmolzen. Dadurch wird das Glas\" \/>\n<meta name=\"robots\" content=\"noindex, follow, max-snippet:-1, max-image-preview:large, max-video-preview:-1\" \/>\n<meta property=\"og:locale\" content=\"de_DE\" \/>\n<meta property=\"og:type\" content=\"article\" \/>\n<meta property=\"og:title\" content=\"VERSACE HOME Le Jardin De Versace Marcap\u00e1ginas 33 cm - dev6 Erresse\" \/>\n<meta property=\"og:description\" content=\"Geschirrsp\u00fclmaschinenfestes Porzellan. Bei dieser Art der Dekoration werden die Farben bei \u00fcber 1000\u00b0C in das Glas eingeschmolzen. Dadurch wird das Glas\" \/>\n<meta property=\"og:url\" content=\"https:\/\/dev6.erresse-shop.it\/de\/shop\/tisch\/teller-geschirr\/versace-home-le-jardin-de-versace-marcapaginas-33-cm\/\" \/>\n<meta property=\"og:site_name\" content=\"dev6 Erresse\" \/>\n<meta property=\"og:image\" content=\"https:\/\/interpim.erresse-shop.it\/img-catalogo\/versace\/versace-home-le-jardin-de-versace-segnaposto-33-cm.jpg\" \/><meta property=\"og:image\" content=\"https:\/\/interpim.erresse-shop.it\/img-catalogo\/versace\/versace-home-le-jardin-de-versace-segnaposto-33-cm.jpg\" \/>\n\t<meta property=\"og:image:width\" content=\"1024\" \/>\n\t<meta property=\"og:image:height\" content=\"1024\" \/>\n\t<meta property=\"og:image:type\" content=\"image\/jpeg\" \/>\n<meta name=\"twitter:card\" content=\"summary_large_image\" \/>\n<meta name=\"twitter:image\" content=\"https:\/\/interpim.erresse-shop.it\/img-catalogo\/versace\/versace-home-le-jardin-de-versace-segnaposto-33-cm.jpg\" \/>\n<script type=\"application\/ld+json\" class=\"yoast-schema-graph\">{\"@context\":\"https:\/\/schema.org\",\"@graph\":[{\"@type\":\"WebPage\",\"@id\":\"https:\/\/dev6.erresse-shop.it\/de\/shop\/tisch\/teller-geschirr\/versace-home-le-jardin-de-versace-marcapaginas-33-cm\/\",\"url\":\"https:\/\/dev6.erresse-shop.it\/de\/shop\/tisch\/teller-geschirr\/versace-home-le-jardin-de-versace-marcapaginas-33-cm\/\",\"name\":\"VERSACE HOME Le Jardin De Versace Marcap\u00e1ginas 33 cm - dev6 Erresse\",\"isPartOf\":{\"@id\":\"https:\/\/dev6.erresse-shop.it\/#website\"},\"primaryImageOfPage\":{\"@id\":\"https:\/\/dev6.erresse-shop.it\/de\/shop\/tisch\/teller-geschirr\/versace-home-le-jardin-de-versace-marcapaginas-33-cm\/#primaryimage\"},\"image\":{\"@id\":\"https:\/\/dev6.erresse-shop.it\/de\/shop\/tisch\/teller-geschirr\/versace-home-le-jardin-de-versace-marcapaginas-33-cm\/#primaryimage\"},\"thumbnailUrl\":\"https:\/\/i3.wp.com\/interpim.erresse-shop.it\/img-catalogo\/versace\/versace-home-le-jardin-de-versace-segnaposto-33-cm.jpg?ssl=1\",\"datePublished\":\"2026-04-12T08:27:54+00:00\",\"description\":\"Geschirrsp\u00fclmaschinenfestes Porzellan. Bei dieser Art der Dekoration werden die Farben bei \u00fcber 1000\u00b0C in das Glas eingeschmolzen. Dadurch wird das Glas\",\"breadcrumb\":{\"@id\":\"https:\/\/dev6.erresse-shop.it\/de\/shop\/tisch\/teller-geschirr\/versace-home-le-jardin-de-versace-marcapaginas-33-cm\/#breadcrumb\"},\"inLanguage\":\"de\",\"potentialAction\":[{\"@type\":\"ReadAction\",\"target\":[\"https:\/\/dev6.erresse-shop.it\/de\/shop\/tisch\/teller-geschirr\/versace-home-le-jardin-de-versace-marcapaginas-33-cm\/\"]}]},{\"@type\":\"ImageObject\",\"inLanguage\":\"de\",\"@id\":\"https:\/\/dev6.erresse-shop.it\/de\/shop\/tisch\/teller-geschirr\/versace-home-le-jardin-de-versace-marcapaginas-33-cm\/#primaryimage\",\"url\":\"https:\/\/i3.wp.com\/interpim.erresse-shop.it\/img-catalogo\/versace\/versace-home-le-jardin-de-versace-segnaposto-33-cm.jpg?ssl=1\",\"contentUrl\":\"https:\/\/i3.wp.com\/interpim.erresse-shop.it\/img-catalogo\/versace\/versace-home-le-jardin-de-versace-segnaposto-33-cm.jpg?ssl=1\"},{\"@type\":\"BreadcrumbList\",\"@id\":\"https:\/\/dev6.erresse-shop.it\/de\/shop\/tisch\/teller-geschirr\/versace-home-le-jardin-de-versace-marcapaginas-33-cm\/#breadcrumb\",\"itemListElement\":[{\"@type\":\"ListItem\",\"position\":1,\"name\":\"Home\",\"item\":\"https:\/\/dev6.erresse-shop.it\/\"},{\"@type\":\"ListItem\",\"position\":2,\"name\":\"Shop\",\"item\":\"https:\/\/dev6.erresse-shop.it\/shop\/\"},{\"@type\":\"ListItem\",\"position\":3,\"name\":\"VERSACE HOME Le Jardin De Versace Marcap\u00e1ginas 33 cm\"}]},{\"@type\":\"WebSite\",\"@id\":\"https:\/\/dev6.erresse-shop.it\/#website\",\"url\":\"https:\/\/dev6.erresse-shop.it\/\",\"name\":\"Erresse Shop\",\"description\":\"\",\"publisher\":{\"@id\":\"https:\/\/dev6.erresse-shop.it\/#organization\"},\"potentialAction\":[{\"@type\":\"SearchAction\",\"target\":{\"@type\":\"EntryPoint\",\"urlTemplate\":\"https:\/\/dev6.erresse-shop.it\/?s={search_term_string}\"},\"query-input\":{\"@type\":\"PropertyValueSpecification\",\"valueRequired\":true,\"valueName\":\"search_term_string\"}}],\"inLanguage\":\"de\"},{\"@type\":\"Organization\",\"@id\":\"https:\/\/dev6.erresse-shop.it\/#organization\",\"name\":\"Erresse Shop\",\"url\":\"https:\/\/dev6.erresse-shop.it\/\",\"logo\":{\"@type\":\"ImageObject\",\"inLanguage\":\"de\",\"@id\":\"https:\/\/dev6.erresse-shop.it\/#\/schema\/logo\/image\/\",\"url\":\"https:\/\/dev6.erresse-shop.it\/wp-content\/uploads\/2025\/01\/LOGO-ERRESSE-CLASSICO.svg\",\"contentUrl\":\"https:\/\/dev6.erresse-shop.it\/wp-content\/uploads\/2025\/01\/LOGO-ERRESSE-CLASSICO.svg\",\"caption\":\"Erresse Shop\"},\"image\":{\"@id\":\"https:\/\/dev6.erresse-shop.it\/#\/schema\/logo\/image\/\"}}]}<\/script>\n<!-- \/ Yoast SEO plugin. -->","yoast_head_json":{"title":"VERSACE HOME Le Jardin De Versace Marcap\u00e1ginas 33 cm - dev6 Erresse","description":"Geschirrsp\u00fclmaschinenfestes Porzellan. Bei dieser Art der Dekoration werden die Farben bei \u00fcber 1000\u00b0C in das Glas eingeschmolzen. Dadurch wird das Glas","robots":{"index":"noindex","follow":"follow","max-snippet":"max-snippet:-1","max-image-preview":"max-image-preview:large","max-video-preview":"max-video-preview:-1"},"og_locale":"de_DE","og_type":"article","og_title":"VERSACE HOME Le Jardin De Versace Marcap\u00e1ginas 33 cm - dev6 Erresse","og_description":"Geschirrsp\u00fclmaschinenfestes Porzellan. Bei dieser Art der Dekoration werden die Farben bei \u00fcber 1000\u00b0C in das Glas eingeschmolzen. Dadurch wird das Glas","og_url":"https:\/\/dev6.erresse-shop.it\/de\/shop\/tisch\/teller-geschirr\/versace-home-le-jardin-de-versace-marcapaginas-33-cm\/","og_site_name":"dev6 Erresse","og_image":[{"url":"https:\/\/interpim.erresse-shop.it\/img-catalogo\/versace\/versace-home-le-jardin-de-versace-segnaposto-33-cm.jpg","type":"","width":"","height":""},{"url":"https:\/\/interpim.erresse-shop.it\/img-catalogo\/versace\/versace-home-le-jardin-de-versace-segnaposto-33-cm.jpg","width":1024,"height":1024,"type":"image\/jpeg"}],"twitter_card":"summary_large_image","twitter_image":"https:\/\/interpim.erresse-shop.it\/img-catalogo\/versace\/versace-home-le-jardin-de-versace-segnaposto-33-cm.jpg","schema":{"@context":"https:\/\/schema.org","@graph":[{"@type":"WebPage","@id":"https:\/\/dev6.erresse-shop.it\/de\/shop\/tisch\/teller-geschirr\/versace-home-le-jardin-de-versace-marcapaginas-33-cm\/","url":"https:\/\/dev6.erresse-shop.it\/de\/shop\/tisch\/teller-geschirr\/versace-home-le-jardin-de-versace-marcapaginas-33-cm\/","name":"VERSACE HOME Le Jardin De Versace Marcap\u00e1ginas 33 cm - dev6 Erresse","isPartOf":{"@id":"https:\/\/dev6.erresse-shop.it\/#website"},"primaryImageOfPage":{"@id":"https:\/\/dev6.erresse-shop.it\/de\/shop\/tisch\/teller-geschirr\/versace-home-le-jardin-de-versace-marcapaginas-33-cm\/#primaryimage"},"image":{"@id":"https:\/\/dev6.erresse-shop.it\/de\/shop\/tisch\/teller-geschirr\/versace-home-le-jardin-de-versace-marcapaginas-33-cm\/#primaryimage"},"thumbnailUrl":"https:\/\/i3.wp.com\/interpim.erresse-shop.it\/img-catalogo\/versace\/versace-home-le-jardin-de-versace-segnaposto-33-cm.jpg?ssl=1","datePublished":"2026-04-12T08:27:54+00:00","description":"Geschirrsp\u00fclmaschinenfestes Porzellan. Bei dieser Art der Dekoration werden die Farben bei \u00fcber 1000\u00b0C in das Glas eingeschmolzen. Dadurch wird das Glas","breadcrumb":{"@id":"https:\/\/dev6.erresse-shop.it\/de\/shop\/tisch\/teller-geschirr\/versace-home-le-jardin-de-versace-marcapaginas-33-cm\/#breadcrumb"},"inLanguage":"de","potentialAction":[{"@type":"ReadAction","target":["https:\/\/dev6.erresse-shop.it\/de\/shop\/tisch\/teller-geschirr\/versace-home-le-jardin-de-versace-marcapaginas-33-cm\/"]}]},{"@type":"ImageObject","inLanguage":"de","@id":"https:\/\/dev6.erresse-shop.it\/de\/shop\/tisch\/teller-geschirr\/versace-home-le-jardin-de-versace-marcapaginas-33-cm\/#primaryimage","url":"https:\/\/i3.wp.com\/interpim.erresse-shop.it\/img-catalogo\/versace\/versace-home-le-jardin-de-versace-segnaposto-33-cm.jpg?ssl=1","contentUrl":"https:\/\/i3.wp.com\/interpim.erresse-shop.it\/img-catalogo\/versace\/versace-home-le-jardin-de-versace-segnaposto-33-cm.jpg?ssl=1"},{"@type":"BreadcrumbList","@id":"https:\/\/dev6.erresse-shop.it\/de\/shop\/tisch\/teller-geschirr\/versace-home-le-jardin-de-versace-marcapaginas-33-cm\/#breadcrumb","itemListElement":[{"@type":"ListItem","position":1,"name":"Home","item":"https:\/\/dev6.erresse-shop.it\/"},{"@type":"ListItem","position":2,"name":"Shop","item":"https:\/\/dev6.erresse-shop.it\/shop\/"},{"@type":"ListItem","position":3,"name":"VERSACE HOME Le Jardin De Versace Marcap\u00e1ginas 33 cm"}]},{"@type":"WebSite","@id":"https:\/\/dev6.erresse-shop.it\/#website","url":"https:\/\/dev6.erresse-shop.it\/","name":"Erresse Shop","description":"","publisher":{"@id":"https:\/\/dev6.erresse-shop.it\/#organization"},"potentialAction":[{"@type":"SearchAction","target":{"@type":"EntryPoint","urlTemplate":"https:\/\/dev6.erresse-shop.it\/?s={search_term_string}"},"query-input":{"@type":"PropertyValueSpecification","valueRequired":true,"valueName":"search_term_string"}}],"inLanguage":"de"},{"@type":"Organization","@id":"https:\/\/dev6.erresse-shop.it\/#organization","name":"Erresse Shop","url":"https:\/\/dev6.erresse-shop.it\/","logo":{"@type":"ImageObject","inLanguage":"de","@id":"https:\/\/dev6.erresse-shop.it\/#\/schema\/logo\/image\/","url":"https:\/\/dev6.erresse-shop.it\/wp-content\/uploads\/2025\/01\/LOGO-ERRESSE-CLASSICO.svg","contentUrl":"https:\/\/dev6.erresse-shop.it\/wp-content\/uploads\/2025\/01\/LOGO-ERRESSE-CLASSICO.svg","caption":"Erresse Shop"},"image":{"@id":"https:\/\/dev6.erresse-shop.it\/#\/schema\/logo\/image\/"}}]}},"df_price":279,"df_sale_price":"","df_regular_price":279,"df_image_link":"https:\/\/i3.wp.com\/interpim.erresse-shop.it\/img-catalogo\/versace\/versace-home-le-jardin-de-versace-segnaposto-33-cm.jpg?resize=300,300&ssl=1","fifu_image_url":"https:\/\/interpim.erresse-shop.it\/img-catalogo\/versace\/versace-home-le-jardin-de-versace-segnaposto-33-cm.jpg","_links":{"self":[{"href":"https:\/\/dev6.erresse-shop.it\/de\/wp-json\/wp\/v2\/product\/54245","targetHints":{"allow":["GET"]}}],"collection":[{"href":"https:\/\/dev6.erresse-shop.it\/de\/wp-json\/wp\/v2\/product"}],"about":[{"href":"https:\/\/dev6.erresse-shop.it\/de\/wp-json\/wp\/v2\/types\/product"}],"wp:featuredmedia":[{"embeddable":true,"href":"https:\/\/dev6.erresse-shop.it\/de\/wp-json\/wp\/v2\/media\/6366227"}],"wp:attachment":[{"href":"https:\/\/dev6.erresse-shop.it\/de\/wp-json\/wp\/v2\/media?parent=54245"}],"wp:term":[{"taxonomy":"product_cat","embeddable":true,"href":"https:\/\/dev6.erresse-shop.it\/de\/wp-json\/wp\/v2\/product_cat?post=54245"},{"taxonomy":"product_tag","embeddable":true,"href":"https:\/\/dev6.erresse-shop.it\/de\/wp-json\/wp\/v2\/product_tag?post=54245"}],"curies":[{"name":"wp","href":"https:\/\/api.w.org\/{rel}","templated":true}]}}