{"id":50224,"date":"2026-04-12T08:40:37","date_gmt":"2026-04-12T06:40:37","guid":{"rendered":"https:\/\/dev6.erresse-shop.it\/shop\/unkategorisiert\/villeroy-boch-iconic-teller-la-boule-schwarz\/"},"modified":"2025-09-14T00:41:56","modified_gmt":"2025-09-13T22:41:56","slug":"villeroy-boch-iconic-teller-la-boule-schwarz","status":"publish","type":"product","link":"https:\/\/dev6.erresse-shop.it\/de\/shop\/tisch\/teller-geschirr\/villeroy-boch-iconic-teller-la-boule-schwarz\/","title":{"rendered":"VILLEROY &#038; BOCH Iconic Teller La Boule Schwarz"},"content":{"rendered":"<p>Material: Porzellan<br \/>\nSp\u00fclmaschinentauglich<br \/>\nMikrowellengeeignet<\/p>\n<p>Die Iconic-Kollektion verk\u00f6rpert die Werte von Design, Modernit\u00e4t und Qualit\u00e4t, die tief in der DNA von Villeroy &amp; Boch verwurzelt sind. Die vielseitig kombinierbaren Teile \u00fcberzeugen durch ihre minimalistische Farbpalette aus gl\u00e4nzendem Wei\u00df und nat\u00fcrlichem Schwarz. Funktionalit\u00e4t und ein ikonisches Design machen jede La Boule nicht nur zu einem Blickfang auf jedem Tisch, sondern auch zu einem ganz besonderen Objekt f\u00fcr Innenr\u00e4ume. La Boule besteht aus zwei Salatsch\u00fcsseln, zwei flachen Schalen und zwei Universaltellern sowie einer Servierplatte. Versch\u00f6nern Sie Ihren Tisch und Ihr Zuhause mit einem zarten Design.<\/p>\n<p>Das Set besteht aus:<br \/>\n2x Schale, 620ml<br \/>\n2x Schale, 500ml<br \/>\n2x Universal-Teller, 24cm<br \/>\n1x Servierplatte, 23,9cm<\/p>\n","protected":false},"excerpt":{"rendered":"<p>Material: Porzellan Sp\u00fclmaschinentauglich Mikrowellengeeignet Die Iconic-Kollektion verk\u00f6rpert die Werte von Design, Modernit\u00e4t und Qualit\u00e4t, die tief in der DNA von Villeroy &amp; Boch verwurzelt sind. Die vielseitig kombinierbaren Teile \u00fcberzeugen durch ihre minimalistische Farbpalette aus gl\u00e4nzendem Wei\u00df und nat\u00fcrlichem Schwarz. Funktionalit\u00e4t und ein ikonisches Design machen jede La Boule nicht nur zu einem Blickfang auf [&hellip;]<\/p>\n","protected":false},"featured_media":6352161,"template":"","meta":{"_acf_changed":false},"product_cat":[11671,12122,12103],"product_tag":[],"class_list":{"0":"post-50224","1":"product","2":"type-product","3":"status-publish","4":"has-post-thumbnail","6":"product_cat-tavola","7":"product_cat-teller-geschirr","8":"product_cat-tisch","10":"first","11":"outofstock","12":"sale","13":"taxable","14":"shipping-taxable","15":"purchasable","16":"product-type-simple","swatches":"rey-swatches","show_selected":"","stretch_labels":"rey-swatches--stretch-labels"},"acf":[],"yoast_head":"<!-- This site is optimized with the Yoast SEO plugin v25.4 - https:\/\/yoast.com\/wordpress\/plugins\/seo\/ -->\n<title>VILLEROY &#038; BOCH Iconic Teller La Boule Schwarz - dev6 Erresse<\/title>\n<meta name=\"description\" content=\"Material: Porzellan Sp\u00fclmaschinentauglich Mikrowellengeeignet Die Iconic-Kollektion verk\u00f6rpert die Werte von Design, Modernit\u00e4t und Qualit\u00e4t, die tief in\" \/>\n<meta name=\"robots\" content=\"noindex, follow, max-snippet:-1, max-image-preview:large, max-video-preview:-1\" \/>\n<meta property=\"og:locale\" content=\"de_DE\" \/>\n<meta property=\"og:type\" content=\"article\" \/>\n<meta property=\"og:title\" content=\"VILLEROY &#038; BOCH Iconic Teller La Boule Schwarz - dev6 Erresse\" \/>\n<meta property=\"og:description\" content=\"Material: Porzellan Sp\u00fclmaschinentauglich Mikrowellengeeignet Die Iconic-Kollektion verk\u00f6rpert die Werte von Design, Modernit\u00e4t und Qualit\u00e4t, die tief in\" \/>\n<meta property=\"og:url\" content=\"https:\/\/dev6.erresse-shop.it\/de\/shop\/tisch\/teller-geschirr\/villeroy-boch-iconic-teller-la-boule-schwarz\/\" \/>\n<meta property=\"og:site_name\" content=\"dev6 Erresse\" \/>\n<meta property=\"og:image\" content=\"https:\/\/interpim.erresse-shop.it\/img-catalogo\/villeroy\/villeroy-boch-iconic-la-boule-nero.jpg\" \/><meta property=\"og:image\" content=\"https:\/\/interpim.erresse-shop.it\/img-catalogo\/villeroy\/villeroy-boch-iconic-la-boule-nero.jpg\" \/>\n\t<meta property=\"og:image:width\" content=\"1024\" \/>\n\t<meta property=\"og:image:height\" content=\"1024\" \/>\n\t<meta property=\"og:image:type\" content=\"image\/jpeg\" \/>\n<meta name=\"twitter:card\" content=\"summary_large_image\" \/>\n<meta name=\"twitter:image\" content=\"https:\/\/interpim.erresse-shop.it\/img-catalogo\/villeroy\/villeroy-boch-iconic-la-boule-nero.jpg\" \/>\n<script type=\"application\/ld+json\" class=\"yoast-schema-graph\">{\"@context\":\"https:\/\/schema.org\",\"@graph\":[{\"@type\":\"WebPage\",\"@id\":\"https:\/\/dev6.erresse-shop.it\/de\/shop\/tisch\/teller-geschirr\/villeroy-boch-iconic-teller-la-boule-schwarz\/\",\"url\":\"https:\/\/dev6.erresse-shop.it\/de\/shop\/tisch\/teller-geschirr\/villeroy-boch-iconic-teller-la-boule-schwarz\/\",\"name\":\"VILLEROY &#038; BOCH Iconic Teller La Boule Schwarz - dev6 Erresse\",\"isPartOf\":{\"@id\":\"https:\/\/dev6.erresse-shop.it\/#website\"},\"primaryImageOfPage\":{\"@id\":\"https:\/\/dev6.erresse-shop.it\/de\/shop\/tisch\/teller-geschirr\/villeroy-boch-iconic-teller-la-boule-schwarz\/#primaryimage\"},\"image\":{\"@id\":\"https:\/\/dev6.erresse-shop.it\/de\/shop\/tisch\/teller-geschirr\/villeroy-boch-iconic-teller-la-boule-schwarz\/#primaryimage\"},\"thumbnailUrl\":\"https:\/\/i3.wp.com\/interpim.erresse-shop.it\/img-catalogo\/villeroy\/villeroy-boch-iconic-la-boule-nero.jpg?ssl=1\",\"datePublished\":\"2026-04-12T06:40:37+00:00\",\"description\":\"Material: Porzellan Sp\u00fclmaschinentauglich Mikrowellengeeignet Die Iconic-Kollektion verk\u00f6rpert die Werte von Design, Modernit\u00e4t und Qualit\u00e4t, die tief in\",\"breadcrumb\":{\"@id\":\"https:\/\/dev6.erresse-shop.it\/de\/shop\/tisch\/teller-geschirr\/villeroy-boch-iconic-teller-la-boule-schwarz\/#breadcrumb\"},\"inLanguage\":\"de\",\"potentialAction\":[{\"@type\":\"ReadAction\",\"target\":[\"https:\/\/dev6.erresse-shop.it\/de\/shop\/tisch\/teller-geschirr\/villeroy-boch-iconic-teller-la-boule-schwarz\/\"]}]},{\"@type\":\"ImageObject\",\"inLanguage\":\"de\",\"@id\":\"https:\/\/dev6.erresse-shop.it\/de\/shop\/tisch\/teller-geschirr\/villeroy-boch-iconic-teller-la-boule-schwarz\/#primaryimage\",\"url\":\"https:\/\/i3.wp.com\/interpim.erresse-shop.it\/img-catalogo\/villeroy\/villeroy-boch-iconic-la-boule-nero.jpg?ssl=1\",\"contentUrl\":\"https:\/\/i3.wp.com\/interpim.erresse-shop.it\/img-catalogo\/villeroy\/villeroy-boch-iconic-la-boule-nero.jpg?ssl=1\"},{\"@type\":\"BreadcrumbList\",\"@id\":\"https:\/\/dev6.erresse-shop.it\/de\/shop\/tisch\/teller-geschirr\/villeroy-boch-iconic-teller-la-boule-schwarz\/#breadcrumb\",\"itemListElement\":[{\"@type\":\"ListItem\",\"position\":1,\"name\":\"Home\",\"item\":\"https:\/\/dev6.erresse-shop.it\/\"},{\"@type\":\"ListItem\",\"position\":2,\"name\":\"Shop\",\"item\":\"https:\/\/dev6.erresse-shop.it\/shop\/\"},{\"@type\":\"ListItem\",\"position\":3,\"name\":\"VILLEROY &#038; BOCH Iconic Teller La Boule Schwarz\"}]},{\"@type\":\"WebSite\",\"@id\":\"https:\/\/dev6.erresse-shop.it\/#website\",\"url\":\"https:\/\/dev6.erresse-shop.it\/\",\"name\":\"Erresse Shop\",\"description\":\"\",\"publisher\":{\"@id\":\"https:\/\/dev6.erresse-shop.it\/#organization\"},\"potentialAction\":[{\"@type\":\"SearchAction\",\"target\":{\"@type\":\"EntryPoint\",\"urlTemplate\":\"https:\/\/dev6.erresse-shop.it\/?s={search_term_string}\"},\"query-input\":{\"@type\":\"PropertyValueSpecification\",\"valueRequired\":true,\"valueName\":\"search_term_string\"}}],\"inLanguage\":\"de\"},{\"@type\":\"Organization\",\"@id\":\"https:\/\/dev6.erresse-shop.it\/#organization\",\"name\":\"Erresse Shop\",\"url\":\"https:\/\/dev6.erresse-shop.it\/\",\"logo\":{\"@type\":\"ImageObject\",\"inLanguage\":\"de\",\"@id\":\"https:\/\/dev6.erresse-shop.it\/#\/schema\/logo\/image\/\",\"url\":\"https:\/\/dev6.erresse-shop.it\/wp-content\/uploads\/2025\/01\/LOGO-ERRESSE-CLASSICO.svg\",\"contentUrl\":\"https:\/\/dev6.erresse-shop.it\/wp-content\/uploads\/2025\/01\/LOGO-ERRESSE-CLASSICO.svg\",\"caption\":\"Erresse Shop\"},\"image\":{\"@id\":\"https:\/\/dev6.erresse-shop.it\/#\/schema\/logo\/image\/\"}}]}<\/script>\n<!-- \/ Yoast SEO plugin. -->","yoast_head_json":{"title":"VILLEROY &#038; BOCH Iconic Teller La Boule Schwarz - dev6 Erresse","description":"Material: Porzellan Sp\u00fclmaschinentauglich Mikrowellengeeignet Die Iconic-Kollektion verk\u00f6rpert die Werte von Design, Modernit\u00e4t und Qualit\u00e4t, die tief in","robots":{"index":"noindex","follow":"follow","max-snippet":"max-snippet:-1","max-image-preview":"max-image-preview:large","max-video-preview":"max-video-preview:-1"},"og_locale":"de_DE","og_type":"article","og_title":"VILLEROY &#038; BOCH Iconic Teller La Boule Schwarz - dev6 Erresse","og_description":"Material: Porzellan Sp\u00fclmaschinentauglich Mikrowellengeeignet Die Iconic-Kollektion verk\u00f6rpert die Werte von Design, Modernit\u00e4t und Qualit\u00e4t, die tief in","og_url":"https:\/\/dev6.erresse-shop.it\/de\/shop\/tisch\/teller-geschirr\/villeroy-boch-iconic-teller-la-boule-schwarz\/","og_site_name":"dev6 Erresse","og_image":[{"url":"https:\/\/interpim.erresse-shop.it\/img-catalogo\/villeroy\/villeroy-boch-iconic-la-boule-nero.jpg","type":"","width":"","height":""},{"url":"https:\/\/interpim.erresse-shop.it\/img-catalogo\/villeroy\/villeroy-boch-iconic-la-boule-nero.jpg","width":1024,"height":1024,"type":"image\/jpeg"}],"twitter_card":"summary_large_image","twitter_image":"https:\/\/interpim.erresse-shop.it\/img-catalogo\/villeroy\/villeroy-boch-iconic-la-boule-nero.jpg","schema":{"@context":"https:\/\/schema.org","@graph":[{"@type":"WebPage","@id":"https:\/\/dev6.erresse-shop.it\/de\/shop\/tisch\/teller-geschirr\/villeroy-boch-iconic-teller-la-boule-schwarz\/","url":"https:\/\/dev6.erresse-shop.it\/de\/shop\/tisch\/teller-geschirr\/villeroy-boch-iconic-teller-la-boule-schwarz\/","name":"VILLEROY &#038; BOCH Iconic Teller La Boule Schwarz - dev6 Erresse","isPartOf":{"@id":"https:\/\/dev6.erresse-shop.it\/#website"},"primaryImageOfPage":{"@id":"https:\/\/dev6.erresse-shop.it\/de\/shop\/tisch\/teller-geschirr\/villeroy-boch-iconic-teller-la-boule-schwarz\/#primaryimage"},"image":{"@id":"https:\/\/dev6.erresse-shop.it\/de\/shop\/tisch\/teller-geschirr\/villeroy-boch-iconic-teller-la-boule-schwarz\/#primaryimage"},"thumbnailUrl":"https:\/\/i3.wp.com\/interpim.erresse-shop.it\/img-catalogo\/villeroy\/villeroy-boch-iconic-la-boule-nero.jpg?ssl=1","datePublished":"2026-04-12T06:40:37+00:00","description":"Material: Porzellan Sp\u00fclmaschinentauglich Mikrowellengeeignet Die Iconic-Kollektion verk\u00f6rpert die Werte von Design, Modernit\u00e4t und Qualit\u00e4t, die tief in","breadcrumb":{"@id":"https:\/\/dev6.erresse-shop.it\/de\/shop\/tisch\/teller-geschirr\/villeroy-boch-iconic-teller-la-boule-schwarz\/#breadcrumb"},"inLanguage":"de","potentialAction":[{"@type":"ReadAction","target":["https:\/\/dev6.erresse-shop.it\/de\/shop\/tisch\/teller-geschirr\/villeroy-boch-iconic-teller-la-boule-schwarz\/"]}]},{"@type":"ImageObject","inLanguage":"de","@id":"https:\/\/dev6.erresse-shop.it\/de\/shop\/tisch\/teller-geschirr\/villeroy-boch-iconic-teller-la-boule-schwarz\/#primaryimage","url":"https:\/\/i3.wp.com\/interpim.erresse-shop.it\/img-catalogo\/villeroy\/villeroy-boch-iconic-la-boule-nero.jpg?ssl=1","contentUrl":"https:\/\/i3.wp.com\/interpim.erresse-shop.it\/img-catalogo\/villeroy\/villeroy-boch-iconic-la-boule-nero.jpg?ssl=1"},{"@type":"BreadcrumbList","@id":"https:\/\/dev6.erresse-shop.it\/de\/shop\/tisch\/teller-geschirr\/villeroy-boch-iconic-teller-la-boule-schwarz\/#breadcrumb","itemListElement":[{"@type":"ListItem","position":1,"name":"Home","item":"https:\/\/dev6.erresse-shop.it\/"},{"@type":"ListItem","position":2,"name":"Shop","item":"https:\/\/dev6.erresse-shop.it\/shop\/"},{"@type":"ListItem","position":3,"name":"VILLEROY &#038; BOCH Iconic Teller La Boule Schwarz"}]},{"@type":"WebSite","@id":"https:\/\/dev6.erresse-shop.it\/#website","url":"https:\/\/dev6.erresse-shop.it\/","name":"Erresse Shop","description":"","publisher":{"@id":"https:\/\/dev6.erresse-shop.it\/#organization"},"potentialAction":[{"@type":"SearchAction","target":{"@type":"EntryPoint","urlTemplate":"https:\/\/dev6.erresse-shop.it\/?s={search_term_string}"},"query-input":{"@type":"PropertyValueSpecification","valueRequired":true,"valueName":"search_term_string"}}],"inLanguage":"de"},{"@type":"Organization","@id":"https:\/\/dev6.erresse-shop.it\/#organization","name":"Erresse Shop","url":"https:\/\/dev6.erresse-shop.it\/","logo":{"@type":"ImageObject","inLanguage":"de","@id":"https:\/\/dev6.erresse-shop.it\/#\/schema\/logo\/image\/","url":"https:\/\/dev6.erresse-shop.it\/wp-content\/uploads\/2025\/01\/LOGO-ERRESSE-CLASSICO.svg","contentUrl":"https:\/\/dev6.erresse-shop.it\/wp-content\/uploads\/2025\/01\/LOGO-ERRESSE-CLASSICO.svg","caption":"Erresse Shop"},"image":{"@id":"https:\/\/dev6.erresse-shop.it\/#\/schema\/logo\/image\/"}}]}},"df_price":269,"df_sale_price":269,"df_regular_price":299,"df_image_link":"https:\/\/i3.wp.com\/interpim.erresse-shop.it\/img-catalogo\/villeroy\/villeroy-boch-iconic-la-boule-nero.jpg?resize=300,300&ssl=1","fifu_image_url":"https:\/\/interpim.erresse-shop.it\/img-catalogo\/villeroy\/villeroy-boch-iconic-la-boule-nero.jpg","_links":{"self":[{"href":"https:\/\/dev6.erresse-shop.it\/de\/wp-json\/wp\/v2\/product\/50224","targetHints":{"allow":["GET"]}}],"collection":[{"href":"https:\/\/dev6.erresse-shop.it\/de\/wp-json\/wp\/v2\/product"}],"about":[{"href":"https:\/\/dev6.erresse-shop.it\/de\/wp-json\/wp\/v2\/types\/product"}],"wp:featuredmedia":[{"embeddable":true,"href":"https:\/\/dev6.erresse-shop.it\/de\/wp-json\/wp\/v2\/media\/6352161"}],"wp:attachment":[{"href":"https:\/\/dev6.erresse-shop.it\/de\/wp-json\/wp\/v2\/media?parent=50224"}],"wp:term":[{"taxonomy":"product_cat","embeddable":true,"href":"https:\/\/dev6.erresse-shop.it\/de\/wp-json\/wp\/v2\/product_cat?post=50224"},{"taxonomy":"product_tag","embeddable":true,"href":"https:\/\/dev6.erresse-shop.it\/de\/wp-json\/wp\/v2\/product_tag?post=50224"}],"curies":[{"name":"wp","href":"https:\/\/api.w.org\/{rel}","templated":true}]}}